{"id":3096,"date":"2024-01-09T15:17:46","date_gmt":"2024-01-09T14:17:46","guid":{"rendered":"https:\/\/www.andrewgrauman.com\/?page_id=3096"},"modified":"2025-10-31T21:07:05","modified_gmt":"2025-10-31T20:07:05","slug":"eventfotografie-berlin-1","status":"publish","type":"page","link":"https:\/\/www.andrewgrauman.com\/de\/eventfotografie-berlin-1\/","title":{"rendered":"Events"},"content":{"rendered":"<div id=\"pl-3096\"  class=\"panel-layout\" ><div id=\"pg-3096-0\"  class=\"panel-grid panel-no-style\" ><div id=\"pgc-3096-0-0\"  class=\"panel-grid-cell\" ><div id=\"panel-3096-0-0-0\" class=\"so-panel widget widget_sow-editor panel-first-child panel-last-child\" data-index=\"0\" ><div class=\"uk-text-center panel-widget-style panel-widget-style-for-3096-0-0-0\" ><div\n\t\t\t\n\t\t\tclass=\"so-widget-sow-editor so-widget-sow-editor-base\"\n\t\t\t\n\t\t>\n<div class=\"siteorigin-widget-tinymce textwidget\">\n\t<h1>Momente in Bildern einfangen:<br \/>\nIhr professioneller Eventfotograf in Berlin<\/h1>\n<hr class=\"fn-title-break uk-align-center\" \/>\n<p>Als <a title=\"Fotograf in Berlin finden\" href=\"\/de\/\">Fotograf aus Berlin<\/a> habe ich mich auf die facettenreichen Bereiche der Event-, Fashion- und Portraitfotografie spezialisiert. Mit meiner reichen Erfahrung z\u00e4hle ich zu den f\u00fchrenden professionellen <b>Eventfotografen<\/b> in Deutschland. Ob es sich dabei um Branding-Events, Firmenfeste, Fashion-Events oder Konferenzen handelt \u2013 ich stehe Ihnen als verl\u00e4sslicher Partner zur Seite, um durch beeindruckende Fotos die einzigartige Atmosph\u00e4re Ihrer Veranstaltung festzuhalten und Ihr Publikum mit der passenden Botschaft zu erreichen. So wird Ihr Event nicht nur zum unvergesslichen Erlebnis, sondern auch in positiver Erinnerung bleiben. Wenn Sie auf der Suche nach professioneller <b>Eventfotografie<\/b> mit einem Gesp\u00fcr f\u00fcr das Besondere sind, nehmen Sie jetzt <a title=\"Kontaktieren Sie mich\" href=\"\/de\/kontakt\/\">Kontakt<\/a> zu mir auf!<\/p>\n<p>&nbsp;<\/p>\n<\/div>\n<\/div><\/div><\/div><\/div><\/div><div id=\"pg-3096-1\"  class=\"panel-grid panel-no-style\" ><div id=\"pgc-3096-1-0\"  class=\"panel-grid-cell\" ><div id=\"panel-3096-1-0-0\" class=\"so-panel widget widget_sow-editor panel-first-child panel-last-child\" data-index=\"1\" ><div class=\"uk-text-center panel-widget-style panel-widget-style-for-3096-1-0-0\" ><div\n\t\t\t\n\t\t\tclass=\"so-widget-sow-editor so-widget-sow-editor-base\"\n\t\t\t\n\t\t>\n<div class=\"siteorigin-widget-tinymce textwidget\">\n\t<div class=\"fn-gallery uk-grid uk-child-width-1-3@m uk-grid-medium uk-text-center\" uk-grid>        <div>\n            <a href=\"https:\/\/www.andrewgrauman.com\/de\/galleries\/startup-tech-event-fotograf-berlin\/\">\n                <div class=\"uk-card uk-card-default uk-card-body uk-position-relative uk-light uk-padding-remove uk-cover-container uk-height-medium\">\n                    <img decoding=\"async\" src=\"https:\/\/www.andrewgrauman.com\/wp-content\/uploads\/Eventfotograf-Berlin-Berlin-Fotograf.jpg\" alt=\"BUSINESS FOTOGRAFIE - TECH &#038; STARTUP\" uk-cover>\n                    <div class=\"fn-gallery-bg uk-position-top-left uk-height-1-1 uk-width-1-1\">\n                        <div class=\"uk-position-center uk-padding\">\n                            <h4 class=\"uk-light uk-margin-small-bottom\">BUSINESS FOTOGRAFIE - TECH &#038; STARTUP<\/h4>\n                                                    <\/div>\n                    <\/div>\n                <\/div>\n            <\/a>\n        <\/div>\n                <div>\n            <a href=\"https:\/\/www.andrewgrauman.com\/de\/galleries\/firmenevents-eventfotograf-berlin\/\">\n                <div class=\"uk-card uk-card-default uk-card-body uk-position-relative uk-light uk-padding-remove uk-cover-container uk-height-medium\">\n                    <img decoding=\"async\" src=\"https:\/\/www.andrewgrauman.com\/wp-content\/uploads\/eventfotograf-berlin-fotografie.jpg\" alt=\"Ihr Fotograf f\u00fcr unvergessliche Firmenevents\" uk-cover>\n                    <div class=\"fn-gallery-bg uk-position-top-left uk-height-1-1 uk-width-1-1\">\n                        <div class=\"uk-position-center uk-padding\">\n                            <h4 class=\"uk-light uk-margin-small-bottom\">Ihr Fotograf f\u00fcr unvergessliche Firmenevents<\/h4>\n                                                    <\/div>\n                    <\/div>\n                <\/div>\n            <\/a>\n        <\/div>\n                <div>\n            <a href=\"https:\/\/www.andrewgrauman.com\/de\/galleries\/konferenzen-event-fotografie-berlin\/\">\n                <div class=\"uk-card uk-card-default uk-card-body uk-position-relative uk-light uk-padding-remove uk-cover-container uk-height-medium\">\n                    <img decoding=\"async\" src=\"https:\/\/www.andrewgrauman.com\/wp-content\/uploads\/fotograf-berlin-fotografie-berlin.jpg\" alt=\"Ihr erfahrener Konferenzfotograf\" uk-cover>\n                    <div class=\"fn-gallery-bg uk-position-top-left uk-height-1-1 uk-width-1-1\">\n                        <div class=\"uk-position-center uk-padding\">\n                            <h4 class=\"uk-light uk-margin-small-bottom\">Ihr erfahrener Konferenzfotograf<\/h4>\n                                                    <\/div>\n                    <\/div>\n                <\/div>\n            <\/a>\n        <\/div>\n        <\/div>\n<\/div>\n<\/div><\/div><\/div><\/div><\/div><div id=\"pg-3096-2\"  class=\"panel-grid panel-no-style\" ><div id=\"pgc-3096-2-0\"  class=\"panel-grid-cell\" ><div id=\"panel-3096-2-0-0\" class=\"so-panel widget widget_sow-editor panel-first-child panel-last-child\" data-index=\"2\" ><div\n\t\t\t\n\t\t\tclass=\"so-widget-sow-editor so-widget-sow-editor-base\"\n\t\t\t\n\t\t>\n<div class=\"siteorigin-widget-tinymce textwidget\">\n\t<h2>Ihr Experte f\u00fcr Veranstaltungsfotografie aus Berlin<\/h2>\n<p>&nbsp;<\/p>\n<\/div>\n<\/div><\/div><\/div><\/div><div id=\"pg-3096-3\"  class=\"panel-grid panel-no-style\" ><div id=\"pgc-3096-3-0\"  class=\"panel-grid-cell\" ><div id=\"panel-3096-3-0-0\" class=\"so-panel widget widget_sow-editor panel-first-child\" data-index=\"3\" ><div\n\t\t\t\n\t\t\tclass=\"so-widget-sow-editor so-widget-sow-editor-base\"\n\t\t\t\n\t\t>\n<div class=\"siteorigin-widget-tinymce textwidget\">\n\t<p>Als <b>Eventfotograf<\/b> durfte ich bereits eine Vielzahl von Prominenten fotografieren, darunter Spitzenpolitiker wie Bundeskanzler Friedrich Merz, Pr\u00e4sidentin der Europ\u00e4ischen Kommission Ursula von der Leyen, Bundeskanzler Olaf Scholz, Staatspr\u00e4sident der Franz\u00f6sischen Republik Emmanuel Macron, EU-Pr\u00e4sident des Europ\u00e4ischen Rates Charles Michel, Premierministerin \u00c9lisabeth Borne, Vizekanzler Robert Habeck und Pr\u00e4sident Felipe Calderon. Zudem geh\u00f6ren verschiedene Luxusmarken wie Est\u00e9e Lauder, Karl Lagerfeld, L'Or\u00e9al, Mercedes-Benz und Tiffany &amp; Co. zu meinen Kunden. F\u00fcr Internet- und Technologieunternehmen wie Amazon, Apple, Asana, Booking.com, Contentful, Google, Meta, OLX Group, SharkNinja, Shopify, TikTok und WeWork habe ich als Veranstaltungsfotograf in Berlin ebenfalls hochprofessionelle Fotoshootings durchgef\u00fchrt und beeindruckende Momente mit der Kamera festgehalten.<\/p>\n<\/div>\n<\/div><\/div><div id=\"panel-3096-3-0-1\" class=\"so-panel widget widget_sow-editor panel-last-child\" data-index=\"4\" ><div\n\t\t\t\n\t\t\tclass=\"so-widget-sow-editor so-widget-sow-editor-base\"\n\t\t\t\n\t\t>\n<div class=\"siteorigin-widget-tinymce textwidget\">\n\t<p>Als <a title=\"Ihr Fotograf f\u00fcr Firmenevents in Berlin\" href=\"\/de\/galleries\/firmenevents-eventfotograf-berlin\/\">Fotograf f\u00fcr Firmenevents<\/a> suche ich st\u00e4ndig nach dem passenden Motiv. Hochrangige F\u00fchrungskr\u00e4fte wie den CEO von BlackRock, Larry Fink; den CEO von Mercedes-Benz, Ola K\u00e4llenius; den CEO von Siemens, Roland Busch; den CEO von Deutsche Telekom, Timotheus H\u00f6ttges; den Wikipedia-Gr\u00fcnder Jimmy Wales; den CEO von Mastercard, Richard Haythornwaite; den CEO von DB Schenker, Jochen Thewes, sowie die Architektin Elizabeth Diller habe ich fotografiert und in Szene gesetzt. Deutsche Beh\u00f6rden, Verb\u00e4nde und internationale Agenturen geh\u00f6ren ebenfalls zu meinen Stammkunden in der Eventfotografie.<\/p>\n<\/div>\n<\/div><\/div><\/div><div id=\"pgc-3096-3-1\"  class=\"panel-grid-cell\" ><div id=\"panel-3096-3-1-0\" class=\"so-panel widget widget_sow-editor panel-first-child panel-last-child\" data-index=\"5\" ><div\n\t\t\t\n\t\t\tclass=\"so-widget-sow-editor so-widget-sow-editor-base\"\n\t\t\t\n\t\t>\n<div class=\"siteorigin-widget-tinymce textwidget\">\n\t<figure id=\"attachment_164\" aria-describedby=\"caption-attachment-164\" style=\"width: 1417px\" class=\"wp-caption alignnone\"><img decoding=\"async\" class=\"wp-image-164 size-full\" src=\"https:\/\/www.andrewgrauman.com\/wp-content\/uploads\/events-business-berlin-fotograf-businessevents.png\" alt=\"Susanne Schwirner, Partner, WG-Data\" width=\"1417\" height=\"945\" srcset=\"https:\/\/www.andrewgrauman.com\/wp-content\/uploads\/events-business-berlin-fotograf-businessevents.png 1417w, https:\/\/www.andrewgrauman.com\/wp-content\/uploads\/events-business-berlin-fotograf-businessevents-300x200.png 300w, https:\/\/www.andrewgrauman.com\/wp-content\/uploads\/events-business-berlin-fotograf-businessevents-768x512.png 768w\" sizes=\"(max-width: 1417px) 100vw, 1417px\" \/><figcaption id=\"caption-attachment-164\" class=\"wp-caption-text\">Tolle Erinnerungen an Events aller Art.<\/figcaption><\/figure>\n<\/div>\n<\/div><\/div><\/div><\/div><div id=\"pg-3096-4\"  class=\"panel-grid panel-no-style\" ><div id=\"pgc-3096-4-0\"  class=\"panel-grid-cell\" ><div id=\"panel-3096-4-0-0\" class=\"so-panel widget widget_sow-editor panel-first-child\" data-index=\"6\" ><div\n\t\t\t\n\t\t\tclass=\"so-widget-sow-editor so-widget-sow-editor-base\"\n\t\t\t\n\t\t>\n<div class=\"siteorigin-widget-tinymce textwidget\">\n\t<\/div>\n<\/div><\/div><div id=\"panel-3096-4-0-1\" class=\"so-panel widget widget_sow-editor panel-last-child\" data-index=\"7\" ><div\n\t\t\t\n\t\t\tclass=\"so-widget-sow-editor so-widget-sow-editor-base\"\n\t\t\t\n\t\t>\n<div class=\"siteorigin-widget-tinymce textwidget\">\n\t<h2>Ihr Fotograf f\u00fcr Events: Meine vielseitigen Leistungen f\u00fcr Ihre Veranstaltung<\/h2>\n<p>Den M\u00f6glichkeiten sind absolut keine Grenzen gesetzt. Als leidenschaftlicher Fotograf f\u00fcr Events in Berlin und ganz Deutschland stehe ich Ihnen zur Verf\u00fcgung und biete ma\u00dfgeschneiderte <b>Eventfotografie<\/b> nach Ihren Vorstellungen. Ob Firmenevents, Hochzeiten, Kongresse oder kulturelle Veranstaltungen \u2013 ich setze Ihre besonderen Momente in den unterschiedlichsten Locations gekonnt in Szene. Vertrauen Sie auf meine Erfahrung und Kreativit\u00e4t, um Ihre Veranstaltung in den unterschiedlichsten Locations einzigartig und unvergesslich zu gestalten.<\/p>\n<\/div>\n<\/div><\/div><\/div><\/div><div id=\"pg-3096-5\"  class=\"panel-grid panel-no-style\" ><div id=\"pgc-3096-5-0\"  class=\"panel-grid-cell\" ><div id=\"panel-3096-5-0-0\" class=\"so-panel widget widget_sow-editor panel-first-child panel-last-child\" data-index=\"8\" ><div\n\t\t\t\n\t\t\tclass=\"so-widget-sow-editor so-widget-sow-editor-base\"\n\t\t\t\n\t\t>\n<div class=\"siteorigin-widget-tinymce textwidget\">\n\t<figure id=\"attachment_166\" aria-describedby=\"caption-attachment-166\" style=\"width: 1417px\" class=\"wp-caption alignnone\"><img decoding=\"async\" class=\"wp-image-166 size-full\" src=\"https:\/\/www.andrewgrauman.com\/wp-content\/uploads\/events-business-berlin-fotografie-mercedes-benz.png\" alt=\"Magalie Chauvin, R\u00e9my Deslandes, Thibaud de Vaulchier\" width=\"1417\" height=\"945\" srcset=\"https:\/\/www.andrewgrauman.com\/wp-content\/uploads\/events-business-berlin-fotografie-mercedes-benz.png 1417w, https:\/\/www.andrewgrauman.com\/wp-content\/uploads\/events-business-berlin-fotografie-mercedes-benz-300x200.png 300w, https:\/\/www.andrewgrauman.com\/wp-content\/uploads\/events-business-berlin-fotografie-mercedes-benz-768x512.png 768w\" sizes=\"(max-width: 1417px) 100vw, 1417px\" \/><figcaption id=\"caption-attachment-166\" class=\"wp-caption-text\">Mit meiner Event-Fotografie halte ich die wichtigen Momente f\u00fcr Sie fest.<\/figcaption><\/figure>\n<\/div>\n<\/div><\/div><\/div><div id=\"pgc-3096-5-1\"  class=\"panel-grid-cell\" ><div id=\"panel-3096-5-1-0\" class=\"so-panel widget widget_sow-editor panel-first-child\" data-index=\"9\" ><div\n\t\t\t\n\t\t\tclass=\"so-widget-sow-editor so-widget-sow-editor-base\"\n\t\t\t\n\t\t>\n<div class=\"siteorigin-widget-tinymce textwidget\">\n\t<ul>\n<li>B2B<\/li>\n<li>Brand-Events<\/li>\n<li><a title=\"Fotograf f\u00fcr Corporate Events\" href=\"\/de\/galleries\/startup-tech-event-fotograf-berlin\/\">Corporate Fotografie (auch f\u00fcr Startups)<\/a><\/li>\n<li>Firmenevents<\/li>\n<li><a title=\"Konferenzen, die ich als Fotograf begleitet habe\" href=\"\/de\/galleries\/konferenzen-event-fotografie-berlin\/\">Konferenzen<\/a> &amp; Tagungen<\/li>\n<li>Kunstausstellungen<\/li>\n<li>Messe-Fotografie<\/li>\n<li>Partys &amp; private Events<\/li>\n<li>VIP-Events<\/li>\n<li>Produktvorstellungen<\/li>\n<li>Startup- &amp; Tech-Events<\/li>\n<\/ul>\n<\/div>\n<\/div><\/div><div id=\"panel-3096-5-1-1\" class=\"so-panel widget widget_sow-editor panel-last-child\" data-index=\"10\" ><div\n\t\t\t\n\t\t\tclass=\"so-widget-sow-editor so-widget-sow-editor-base\"\n\t\t\t\n\t\t>\n<div class=\"siteorigin-widget-tinymce textwidget\">\n\t<p>Als professioneller <b>Eventfotograf aus Berlin<\/b> fotografiere ich jedes Motiv mit Engagement, Kreativit\u00e4t und meiner aufgeschlossenen Art, um stets die besten Seiten festzuhalten. So entstehen hochkar\u00e4tige und stilvolle Fotos, die sich ideal f\u00fcr Ihre Website, Werbekampagne oder Ihr Brand Marketing eignen. Insbesondere f\u00fcr die mediale Nachbereitung, wie zum Beispiel f\u00fcr Pressemitteilungen und Social Media, sind hochwertige Eventfotos unentbehrlich. Mit meinen Bildern gewinnen Sie mehr Kunden, Fans und Partner!<\/p>\n<h3><\/h3>\n<\/div>\n<\/div><\/div><\/div><\/div><div id=\"pg-3096-6\"  class=\"panel-grid panel-no-style\" ><div id=\"pgc-3096-6-0\"  class=\"panel-grid-cell\" ><div id=\"panel-3096-6-0-0\" class=\"so-panel widget widget_sow-editor panel-first-child panel-last-child\" data-index=\"11\" ><div\n\t\t\t\n\t\t\tclass=\"so-widget-sow-editor so-widget-sow-editor-base\"\n\t\t\t\n\t\t>\n<div class=\"siteorigin-widget-tinymce textwidget\">\n\t<\/div>\n<\/div><\/div><\/div><\/div><div id=\"pg-3096-7\"  class=\"panel-grid panel-no-style\" ><div id=\"pgc-3096-7-0\"  class=\"panel-grid-cell\" ><div id=\"panel-3096-7-0-0\" class=\"so-panel widget widget_sow-editor panel-first-child panel-last-child\" data-index=\"12\" ><div\n\t\t\t\n\t\t\tclass=\"so-widget-sow-editor so-widget-sow-editor-base\"\n\t\t\t\n\t\t>\n<div class=\"siteorigin-widget-tinymce textwidget\">\n\t<h3>Fotografische Begleitung von Veranstaltungen und Pers\u00f6nlichkeiten<\/h3>\n<p>Als Event- und <a title=\"Buchen Sie mich als Modefotograf in Berlin\" href=\"\/de\/modefotograf-berlin\/\">Modefotograf in Berlin<\/a> begleite ich nahezu jede Veranstaltung. So halte ich auch interessante Motive auf exquisiten Events wie der Berlinale oder der Berlin Fashion Week fest.<\/p>\n<p>Die G\u00e4ste dieser Veranstaltungen sind lokale und internationale Prominente, darunter Designer, Models, Schauspieler, Musiker und Influencer. Aus diesen Anl\u00e4ssen entstehen erstklassige Eventfotos, die sowohl f\u00fcr PR-Zwecke genutzt als auch als Stockfotos verkauft werden k\u00f6nnen.<\/p>\n<p>Ebenso bei Benefiz- und Gala-Dinnern, Filmpremieren, Preisverleihungen sowie privaten Events sorge ich als <b>Veranstaltungsfotograf in Berlin<\/b> f\u00fcr hochwertiges, authentisches und lebendiges Bildmaterial \u2013 unabh\u00e4ngig von den Lichtverh\u00e4ltnissen und technischen Voraussetzungen.<\/p>\n<\/div>\n<\/div><\/div><\/div><div id=\"pgc-3096-7-1\"  class=\"panel-grid-cell\" ><div id=\"panel-3096-7-1-0\" class=\"so-panel widget widget_sow-image panel-first-child panel-last-child\" data-index=\"13\" ><div class=\"panel-widget-style panel-widget-style-for-3096-7-1-0\" ><div\n\t\t\t\n\t\t\tclass=\"so-widget-sow-image so-widget-sow-image-default-8b5b6f678277-3120\"\n\t\t\t\n\t\t>\n<div class=\"sow-image-container\">\n\t\t<img \n\tsrc=\"https:\/\/www.andrewgrauman.com\/wp-content\/uploads\/Eventfotograf-Berlin-Berlin-Fotograf.jpg\" width=\"1800\" height=\"1200\" srcset=\"https:\/\/www.andrewgrauman.com\/wp-content\/uploads\/Eventfotograf-Berlin-Berlin-Fotograf.jpg 1800w, https:\/\/www.andrewgrauman.com\/wp-content\/uploads\/Eventfotograf-Berlin-Berlin-Fotograf-300x200.jpg 300w, https:\/\/www.andrewgrauman.com\/wp-content\/uploads\/Eventfotograf-Berlin-Berlin-Fotograf-1536x1024.jpg 1536w, https:\/\/www.andrewgrauman.com\/wp-content\/uploads\/Eventfotograf-Berlin-Berlin-Fotograf-768x512.jpg 768w\" sizes=\"(max-width: 1800px) 100vw, 1800px\" alt=\"Fotograf f\u00fcr Eventfotografie Publikum B\u00fchne\" \t\tclass=\"so-widget-image\"\/>\n\t<\/div>\n\n<\/div><\/div><\/div><\/div><\/div><div id=\"pg-3096-8\"  class=\"panel-grid panel-no-style\" ><div id=\"pgc-3096-8-0\"  class=\"panel-grid-cell\" ><div id=\"panel-3096-8-0-0\" class=\"so-panel widget widget_sow-image panel-first-child panel-last-child\" data-index=\"14\" ><div\n\t\t\t\n\t\t\tclass=\"so-widget-sow-image so-widget-sow-image-default-8b5b6f678277-3120\"\n\t\t\t\n\t\t>\n<div class=\"sow-image-container\">\n\t\t<img \n\tsrc=\"https:\/\/www.andrewgrauman.com\/wp-content\/uploads\/Konferenzen-Categorie.jpg\" width=\"1200\" height=\"800\" srcset=\"https:\/\/www.andrewgrauman.com\/wp-content\/uploads\/Konferenzen-Categorie.jpg 1200w, https:\/\/www.andrewgrauman.com\/wp-content\/uploads\/Konferenzen-Categorie-300x200.jpg 300w, https:\/\/www.andrewgrauman.com\/wp-content\/uploads\/Konferenzen-Categorie-768x512.jpg 768w\" sizes=\"(max-width: 1200px) 100vw, 1200px\" title=\"Konferenzen Categorie\" alt=\"konferenz-fotograf\" \t\tclass=\"so-widget-image\"\/>\n\t<\/div>\n\n<\/div><\/div><\/div><div id=\"pgc-3096-8-1\"  class=\"panel-grid-cell\" ><div id=\"panel-3096-8-1-0\" class=\"so-panel widget widget_sow-editor panel-first-child panel-last-child\" data-index=\"15\" ><div\n\t\t\t\n\t\t\tclass=\"so-widget-sow-editor so-widget-sow-editor-base\"\n\t\t\t\n\t\t>\n<div class=\"siteorigin-widget-tinymce textwidget\">\n\t<h3>Ihr Fotograf f\u00fcr jedes Event \u2014 Andrew Grauman<\/h3>\n<p>Mein Fachwissen, mein Anspruch als <b>professioneller Eventfotograf<\/b> und meine Leidenschaft f\u00fcr Fotografie spiegeln sich in der Qualit\u00e4t jedes entstandenen Bildes wider. Durch meine Erfahrung und mein geschultes Auge bin ich stets darauf bedacht, den richtigen Moment zum Ausl\u00f6sen pr\u00e4zise zu erfassen.<\/p>\n<p><b>Mit mir als Fotograf f\u00fcr Ihr Event erleben Sie:<\/b><\/p>\n<ul>\n<li>Professionalit\u00e4t und Zuverl\u00e4ssigkeit<\/li>\n<li>hervorragende Kommunikation<\/li>\n<li>langj\u00e4hrige Erfahrung<\/li>\n<li>ein geschultes Auge<\/li>\n<li>l\u00f6sungsorientierte Mentalit\u00e4t<\/li>\n<li>einen guten Zugang zu Menschen<\/li>\n<li>stimmungsvolle, ausdrucksstarke Fotos<\/li>\n<li>maximale Kundenzufriedenheit<\/li>\n<\/ul>\n<\/div>\n<\/div><\/div><\/div><\/div><div id=\"pg-3096-9\"  class=\"panel-grid panel-no-style\" ><div id=\"pgc-3096-9-0\"  class=\"panel-grid-cell\" ><div id=\"panel-3096-9-0-0\" class=\"so-panel widget widget_sow-editor panel-first-child panel-last-child\" data-index=\"16\" ><div\n\t\t\t\n\t\t\tclass=\"so-widget-sow-editor so-widget-sow-editor-base\"\n\t\t\t\n\t\t>\n<div class=\"siteorigin-widget-tinymce textwidget\">\n\t<p style=\"text-align: center;\">Gern besprechen wir ausf\u00fchrlich, wie ich als <b>Eventgotograf<\/b> Ihre n\u00e4chste Veranstaltung \u2014 nicht nur in Berlin \u2014 fotografisch begleite. Auch international r\u00fccke ich Ihre Veranstaltung mit atmosph\u00e4rischen Eventfotos ins perfekte Licht. Haben Sie sich von meiner <b>Eventfotografie<\/b> \u00fcberzeugt? Schauen Sie in meine Preisliste und z\u00f6gern Sie nicht, mich noch heute zu kontaktieren!<\/p>\n<p style=\"text-align: center;\">Ihr Andrew Grauman \u2014 Veranstaltungsfotograf aus Berlin<\/p>\n<\/div>\n<\/div><\/div><\/div><\/div><div id=\"pg-3096-10\"  class=\"panel-grid panel-no-style\" ><div id=\"pgc-3096-10-0\"  class=\"panel-grid-cell\" ><div id=\"panel-3096-10-0-0\" class=\"so-panel widget widget_sow-button panel-first-child panel-last-child\" data-index=\"17\" ><div\n\t\t\t\n\t\t\tclass=\"so-widget-sow-button so-widget-sow-button-flat-66466acb9e12-3120\"\n\t\t\t\n\t\t><div class=\"ow-button-base ow-button-align-center\"\n>\n\t\t\t<a\n\t\t\t\t\thref=\"https:\/\/www.andrewgrauman.com\/de\/kontakt\/\"\n\t\t\t\t\tclass=\"sowb-button ow-icon-placement-left ow-button-hover\" \t>\n\t\t<span>\n\t\t\t\n\t\t\tDirekt kontaktieren\t\t<\/span>\n\t\t\t<\/a>\n\t<\/div>\n<\/div><\/div><\/div><\/div><\/div>","protected":false},"excerpt":{"rendered":"<p>In der Gr\u00fcnderhauptstadt Berlin, in der viele angesehene Unternehmen Ihren Firmensitz haben, lebe und arbeite ich seit vielen Jahren als leidenschaftlicher Konferenzfotograf im Bereich der Businessfotografie. Meine Mission ist es, nicht nur Bilder zu machen, sondern die Energie und den Enthusiasmus jeder Veranstaltung einzufangen und visuell wiederzugeben. Ich durfte schon viele gro\u00dfe Unternehmen und Organisationen [&hellip;]<\/p>\n","protected":false},"author":1,"featured_media":0,"parent":0,"menu_order":0,"comment_status":"closed","ping_status":"closed","template":"","meta":{"_acf_changed":false,"footnotes":""},"class_list":["post-3096","page","type-page","status-publish","hentry"],"acf":[],"yoast_head":"<!-- This site is optimized with the Yoast SEO plugin v26.9 - https:\/\/yoast.com\/product\/yoast-seo-wordpress\/ -->\n<title>Professioneller Eventfotograf in Berlin | Andrew Grauman<\/title>\n<meta name=\"description\" content=\"Ob au\u00dfergew\u00f6hnliche Veranstaltungen oder Business-Events: Mit herausragender Eventfotografie werden sie unvergesslich. \u25ba Jetzt beauftragen!\" \/>\n<meta name=\"robots\" content=\"index, follow, max-snippet:-1, max-image-preview:large, max-video-preview:-1\" \/>\n<link rel=\"canonical\" href=\"https:\/\/www.andrewgrauman.com\/de\/eventfotografie-berlin-1\/\" \/>\n<meta property=\"og:locale\" content=\"de_DE\" \/>\n<meta property=\"og:type\" content=\"article\" \/>\n<meta property=\"og:title\" content=\"Professioneller Eventfotograf in Berlin | Andrew Grauman\" \/>\n<meta property=\"og:description\" content=\"Ob au\u00dfergew\u00f6hnliche Veranstaltungen oder Business-Events: Mit herausragender Eventfotografie werden sie unvergesslich. \u25ba Jetzt beauftragen!\" \/>\n<meta property=\"og:url\" content=\"https:\/\/www.andrewgrauman.com\/de\/eventfotografie-berlin-1\/\" \/>\n<meta property=\"og:site_name\" content=\"andrewgrauman\" \/>\n<meta property=\"article:modified_time\" content=\"2025-10-31T20:07:05+00:00\" \/>\n<meta property=\"og:image\" content=\"https:\/\/www.andrewgrauman.com\/wp-content\/uploads\/Eventfotograf-Berlin-Berlin-Fotograf.jpg\" \/>\n<meta name=\"twitter:card\" content=\"summary_large_image\" \/>\n<meta name=\"twitter:label1\" content=\"Gesch\u00e4tzte Lesezeit\" \/>\n\t<meta name=\"twitter:data1\" content=\"6\u00a0Minuten\" \/>\n<script type=\"application\/ld+json\" class=\"yoast-schema-graph\">{\"@context\":\"https:\/\/schema.org\",\"@graph\":[{\"@type\":\"WebPage\",\"@id\":\"https:\/\/www.andrewgrauman.com\/de\/eventfotografie-berlin-1\/\",\"url\":\"https:\/\/www.andrewgrauman.com\/de\/eventfotografie-berlin-1\/\",\"name\":\"Professioneller Eventfotograf in Berlin | Andrew Grauman\",\"isPartOf\":{\"@id\":\"https:\/\/www.andrewgrauman.com\/de\/#website\"},\"primaryImageOfPage\":{\"@id\":\"https:\/\/www.andrewgrauman.com\/de\/eventfotografie-berlin-1\/#primaryimage\"},\"image\":{\"@id\":\"https:\/\/www.andrewgrauman.com\/de\/eventfotografie-berlin-1\/#primaryimage\"},\"thumbnailUrl\":\"https:\/\/www.andrewgrauman.com\/wp-content\/uploads\/Eventfotograf-Berlin-Berlin-Fotograf.jpg\",\"datePublished\":\"2024-01-09T14:17:46+00:00\",\"dateModified\":\"2025-10-31T20:07:05+00:00\",\"description\":\"Ob au\u00dfergew\u00f6hnliche Veranstaltungen oder Business-Events: Mit herausragender Eventfotografie werden sie unvergesslich. \u25ba Jetzt beauftragen!\",\"breadcrumb\":{\"@id\":\"https:\/\/www.andrewgrauman.com\/de\/eventfotografie-berlin-1\/#breadcrumb\"},\"inLanguage\":\"de\",\"potentialAction\":[{\"@type\":\"ReadAction\",\"target\":[\"https:\/\/www.andrewgrauman.com\/de\/eventfotografie-berlin-1\/\"]}]},{\"@type\":\"ImageObject\",\"inLanguage\":\"de\",\"@id\":\"https:\/\/www.andrewgrauman.com\/de\/eventfotografie-berlin-1\/#primaryimage\",\"url\":\"https:\/\/www.andrewgrauman.com\/wp-content\/uploads\/Eventfotograf-Berlin-Berlin-Fotograf.jpg\",\"contentUrl\":\"https:\/\/www.andrewgrauman.com\/wp-content\/uploads\/Eventfotograf-Berlin-Berlin-Fotograf.jpg\"},{\"@type\":\"BreadcrumbList\",\"@id\":\"https:\/\/www.andrewgrauman.com\/de\/eventfotografie-berlin-1\/#breadcrumb\",\"itemListElement\":[{\"@type\":\"ListItem\",\"position\":1,\"name\":\"Startseite\",\"item\":\"https:\/\/www.andrewgrauman.com\/de\/\"},{\"@type\":\"ListItem\",\"position\":2,\"name\":\"Events\"}]},{\"@type\":\"WebSite\",\"@id\":\"https:\/\/www.andrewgrauman.com\/de\/#website\",\"url\":\"https:\/\/www.andrewgrauman.com\/de\/\",\"name\":\"andrewgrauman\",\"description\":\"\",\"potentialAction\":[{\"@type\":\"SearchAction\",\"target\":{\"@type\":\"EntryPoint\",\"urlTemplate\":\"https:\/\/www.andrewgrauman.com\/de\/?s={search_term_string}\"},\"query-input\":{\"@type\":\"PropertyValueSpecification\",\"valueRequired\":true,\"valueName\":\"search_term_string\"}}],\"inLanguage\":\"de\"}]}<\/script>\n<!-- \/ Yoast SEO plugin. -->","yoast_head_json":{"title":"Professioneller Eventfotograf in Berlin | Andrew Grauman","description":"Ob au\u00dfergew\u00f6hnliche Veranstaltungen oder Business-Events: Mit herausragender Eventfotografie werden sie unvergesslich. \u25ba Jetzt beauftragen!","robots":{"index":"index","follow":"follow","max-snippet":"max-snippet:-1","max-image-preview":"max-image-preview:large","max-video-preview":"max-video-preview:-1"},"canonical":"https:\/\/www.andrewgrauman.com\/de\/eventfotografie-berlin-1\/","og_locale":"de_DE","og_type":"article","og_title":"Professioneller Eventfotograf in Berlin | Andrew Grauman","og_description":"Ob au\u00dfergew\u00f6hnliche Veranstaltungen oder Business-Events: Mit herausragender Eventfotografie werden sie unvergesslich. \u25ba Jetzt beauftragen!","og_url":"https:\/\/www.andrewgrauman.com\/de\/eventfotografie-berlin-1\/","og_site_name":"andrewgrauman","article_modified_time":"2025-10-31T20:07:05+00:00","og_image":[{"url":"https:\/\/www.andrewgrauman.com\/wp-content\/uploads\/Eventfotograf-Berlin-Berlin-Fotograf.jpg","type":"","width":"","height":""}],"twitter_card":"summary_large_image","twitter_misc":{"Gesch\u00e4tzte Lesezeit":"6\u00a0Minuten"},"schema":{"@context":"https:\/\/schema.org","@graph":[{"@type":"WebPage","@id":"https:\/\/www.andrewgrauman.com\/de\/eventfotografie-berlin-1\/","url":"https:\/\/www.andrewgrauman.com\/de\/eventfotografie-berlin-1\/","name":"Professioneller Eventfotograf in Berlin | Andrew Grauman","isPartOf":{"@id":"https:\/\/www.andrewgrauman.com\/de\/#website"},"primaryImageOfPage":{"@id":"https:\/\/www.andrewgrauman.com\/de\/eventfotografie-berlin-1\/#primaryimage"},"image":{"@id":"https:\/\/www.andrewgrauman.com\/de\/eventfotografie-berlin-1\/#primaryimage"},"thumbnailUrl":"https:\/\/www.andrewgrauman.com\/wp-content\/uploads\/Eventfotograf-Berlin-Berlin-Fotograf.jpg","datePublished":"2024-01-09T14:17:46+00:00","dateModified":"2025-10-31T20:07:05+00:00","description":"Ob au\u00dfergew\u00f6hnliche Veranstaltungen oder Business-Events: Mit herausragender Eventfotografie werden sie unvergesslich. \u25ba Jetzt beauftragen!","breadcrumb":{"@id":"https:\/\/www.andrewgrauman.com\/de\/eventfotografie-berlin-1\/#breadcrumb"},"inLanguage":"de","potentialAction":[{"@type":"ReadAction","target":["https:\/\/www.andrewgrauman.com\/de\/eventfotografie-berlin-1\/"]}]},{"@type":"ImageObject","inLanguage":"de","@id":"https:\/\/www.andrewgrauman.com\/de\/eventfotografie-berlin-1\/#primaryimage","url":"https:\/\/www.andrewgrauman.com\/wp-content\/uploads\/Eventfotograf-Berlin-Berlin-Fotograf.jpg","contentUrl":"https:\/\/www.andrewgrauman.com\/wp-content\/uploads\/Eventfotograf-Berlin-Berlin-Fotograf.jpg"},{"@type":"BreadcrumbList","@id":"https:\/\/www.andrewgrauman.com\/de\/eventfotografie-berlin-1\/#breadcrumb","itemListElement":[{"@type":"ListItem","position":1,"name":"Startseite","item":"https:\/\/www.andrewgrauman.com\/de\/"},{"@type":"ListItem","position":2,"name":"Events"}]},{"@type":"WebSite","@id":"https:\/\/www.andrewgrauman.com\/de\/#website","url":"https:\/\/www.andrewgrauman.com\/de\/","name":"andrewgrauman","description":"","potentialAction":[{"@type":"SearchAction","target":{"@type":"EntryPoint","urlTemplate":"https:\/\/www.andrewgrauman.com\/de\/?s={search_term_string}"},"query-input":{"@type":"PropertyValueSpecification","valueRequired":true,"valueName":"search_term_string"}}],"inLanguage":"de"}]}},"_links":{"self":[{"href":"https:\/\/www.andrewgrauman.com\/de\/wp-json\/wp\/v2\/pages\/3096","targetHints":{"allow":["GET"]}}],"collection":[{"href":"https:\/\/www.andrewgrauman.com\/de\/wp-json\/wp\/v2\/pages"}],"about":[{"href":"https:\/\/www.andrewgrauman.com\/de\/wp-json\/wp\/v2\/types\/page"}],"author":[{"embeddable":true,"href":"https:\/\/www.andrewgrauman.com\/de\/wp-json\/wp\/v2\/users\/1"}],"replies":[{"embeddable":true,"href":"https:\/\/www.andrewgrauman.com\/de\/wp-json\/wp\/v2\/comments?post=3096"}],"version-history":[{"count":20,"href":"https:\/\/www.andrewgrauman.com\/de\/wp-json\/wp\/v2\/pages\/3096\/revisions"}],"predecessor-version":[{"id":3944,"href":"https:\/\/www.andrewgrauman.com\/de\/wp-json\/wp\/v2\/pages\/3096\/revisions\/3944"}],"wp:attachment":[{"href":"https:\/\/www.andrewgrauman.com\/de\/wp-json\/wp\/v2\/media?parent=3096"}],"curies":[{"name":"wp","href":"https:\/\/api.w.org\/{rel}","templated":true}]}}